{"id":2202,"date":"2024-02-06T10:28:34","date_gmt":"2024-02-06T10:28:34","guid":{"rendered":"https:\/\/eixample-elprat.residenciaslatorreta.com\/?page_id=2202"},"modified":"2024-02-08T12:00:21","modified_gmt":"2024-02-08T12:00:21","slug":"pla-de-igualdad","status":"publish","type":"page","link":"https:\/\/eixample-elprat.residenciaslatorreta.com\/ca\/pla-de-igualdad\/","title":{"rendered":"Pla d&#8217;igualtat"},"content":{"rendered":"<div class=\"wpb-content-wrapper\"><p>[vc_row css_animation=&#8221;&#8221; row_type=&#8221;row&#8221; use_row_as_full_screen_section=&#8221;no&#8221; type=&#8221;grid&#8221; angled_section=&#8221;no&#8221; text_align=&#8221;center&#8221; background_image_as_pattern=&#8221;without_pattern&#8221; z_index=&#8221;&#8221;][vc_column][vc_empty_space height=&#8221;50px&#8221;][vc_column_text]<\/p>\n<h2 style=\"text-align: center;\"><strong><span style=\"color: #006799;\">Compromesos amb la igualtat <\/span><\/strong><\/h2>\n<p>[\/vc_column_text][vc_empty_space height=&#8221;50px&#8221;][vc_single_image image=&#8221;2207&#8243; img_size=&#8221;full&#8221; alignment=&#8221;center&#8221; qode_css_animation=&#8221;&#8221;][\/vc_column][\/vc_row][vc_row css_animation=&#8221;&#8221; row_type=&#8221;row&#8221; use_row_as_full_screen_section=&#8221;no&#8221; type=&#8221;grid&#8221; angled_section=&#8221;no&#8221; text_align=&#8221;left&#8221; background_image_as_pattern=&#8221;without_pattern&#8221; z_index=&#8221;&#8221;][vc_column][vc_empty_space height=&#8221;50px&#8221;][vc_column_text]<\/p>\n<h4><strong><span class=\"TextRun SCXW249455227 BCX4\" lang=\"ES-ES\" xml:lang=\"ES-ES\" data-contrast=\"none\"><span class=\"NormalTextRun SCXW249455227 BCX4\">Per la <\/span><span class=\"NormalTextRun SpellingErrorV2Themed SCXW249455227 BCX4\">diversitat<\/span><span class=\"NormalTextRun SCXW249455227 BCX4\"> i la <\/span><span class=\"NormalTextRun SpellingErrorV2Themed SCXW249455227 BCX4\">igualtat<\/span><span class=\"NormalTextRun SCXW249455227 BCX4\"> d\u00b4<\/span><span class=\"NormalTextRun SpellingErrorV2Themed SCXW249455227 BCX4\">oportunitats<\/span><\/span><span class=\"EOP SCXW249455227 BCX4\" data-ccp-props=\"{&quot;201341983&quot;:2,&quot;335557856&quot;:16777215,&quot;335559739&quot;:0,&quot;335559740&quot;:313}\">\u00a0<\/span><\/strong><\/h4>\n<p>&nbsp;<\/p>\n<p><span data-contrast=\"none\">El Pla d\u00b4Igualtat \u00e9s un\u202fdocument\u202fque\u202frecull l&#8217;estat\u00a0 efectiu d\u00b4igualtat\u202fa l \u00b4empresa\u00a0 aix\u00ed com les\u202factuacions\u202fper garantir de manera sostinguda i efectiva la igualtat d\u2019oportunitats\u00a0\u00a0 entre homes i dones.<\/span><span data-ccp-props=\"{&quot;201341983&quot;:0,&quot;335551550&quot;:6,&quot;335551620&quot;:6,&quot;335557856&quot;:16777215,&quot;335559739&quot;:330,&quot;335559740&quot;:240}\">\u00a0<\/span><\/p>\n<p>&nbsp;<\/p>\n<p><span data-contrast=\"none\">La Resid\u00e8ncia Eixample el Prat, en\u00a0 data 22 de novembre de 2022\u00a0 i despr\u00e9s d\u2019un treball intents amb totes les parts participants, va inscriure \u202fal Pla d\u2019Igualtat al Registre de convenis col\u00b7lectius, acords col\u00b7lectius de treball i Plans d\u2019igualtat dels Serveis Territorials del Departament de Treball de la Generalitat de Catalunya<\/span><span data-ccp-props=\"{&quot;201341983&quot;:0,&quot;335551550&quot;:6,&quot;335551620&quot;:6,&quot;335557856&quot;:16777215,&quot;335559739&quot;:330,&quot;335559740&quot;:240}\"> .<\/span><\/p>\n<p>&nbsp;<\/p>\n<p><span data-contrast=\"none\">La igualtat \u00e9s cosa de tots i totes\u00a0 i a Resid\u00e8ncies La Torreta tenim el deure i la responsabilitat de fer -la efectivament possible. Aix\u00f2\u00a0 implica treballar intensament, revisant i analitzant la nostra realitat, els nostres indicadors de gesti\u00f3, els nostres processos. Fer-ho possible requereix de la nostra humilitat i auto responsabilitat per analitzar-ho tot amb esperit de millora, no \u00fanicament per la necessitat de complir amb la normativa legal d\u2019aplicaci\u00f3, sin\u00f3 des de la coher\u00e8ncia amb la nostra identitat i la nostra filosofia com a organitzaci\u00f3.<\/span><span data-ccp-props=\"{&quot;201341983&quot;:0,&quot;335551550&quot;:6,&quot;335551620&quot;:6,&quot;335557856&quot;:16777215,&quot;335559739&quot;:330,&quot;335559740&quot;:240}\">\u00a0<\/span><\/p>\n<p>&nbsp;<\/p>\n<p><span data-contrast=\"none\">Tenim per endavant 11 objectius que son el reflex de la nostra ferma voluntat de garantir una correcte gesti\u00f3 de la diversitat treballant per a aconseguir la efectiva igualtat d\u2019oportunitats de totes les persones que treballen i\/o es relacionen amb la nostra organitzaci\u00f3 m\u00e9s enll\u00e0 de la seva condici\u00f3, que \u00e9s precisament el que les fa \u00faniques.<\/span><span data-ccp-props=\"{&quot;201341983&quot;:0,&quot;335551550&quot;:6,&quot;335551620&quot;:6,&quot;335557856&quot;:16777215,&quot;335559739&quot;:330,&quot;335559740&quot;:240}\">\u00a0<\/span><\/p>\n<p>&nbsp;<\/p>\n<p><b><span data-contrast=\"none\">Com apliquem aquests objectius:<\/span><\/b><span data-ccp-props=\"{&quot;201341983&quot;:0,&quot;335557856&quot;:16777215,&quot;335559739&quot;:330,&quot;335559740&quot;:240}\">\u00a0<\/span><\/p>\n<p>&nbsp;<\/p>\n<p><span data-contrast=\"none\">-Fomentem la igualtat d\u00b4oportunitats entre homes i dones en un sector clarament feminitzat.<\/span><span data-ccp-props=\"{&quot;201341983&quot;:0,&quot;335557856&quot;:16777215,&quot;335559739&quot;:330,&quot;335559740&quot;:240}\">\u00a0<\/span><\/p>\n<p>&nbsp;<\/p>\n<p><span data-contrast=\"none\">&#8211; Promovem l\u2019\u00fas del llenguatge no sexista a la nostra organitzaci\u00f3. Implementem una guia de llenguatge inclusiu\u202fen la nostra comunicaci\u00f3 i llenguatge\u202f vetllant per la comunicaci\u00f3 no sexista.<\/span><span data-ccp-props=\"{&quot;201341983&quot;:0,&quot;335557856&quot;:16777215,&quot;335559739&quot;:330,&quot;335559740&quot;:240}\">\u00a0<\/span><\/p>\n<p>&nbsp;<\/p>\n<p><span data-contrast=\"none\">-Per qu\u00e8 creiem que la diversitat suma. Fem campanyes de formaci\u00f3 a totes les nostres professionals\u00a0 respecte a g\u00e8nere, orientaci\u00f3 sexual, ra\u00e7a, cultura, o religi\u00f3 per ral d\u00b4aconseguir un entorn m\u00e9s sa, segur, i acord amb la\u00a0 nostra realitat.<\/span><span data-ccp-props=\"{&quot;201341983&quot;:0,&quot;335557856&quot;:16777215,&quot;335559739&quot;:330,&quot;335559740&quot;:240}\">\u00a0<\/span><\/p>\n<p>&nbsp;<\/p>\n<p><span data-contrast=\"none\">-Revisem els nostres protocols i procediments de selecci\u00f3 i immersi\u00f3.<\/span><span data-ccp-props=\"{&quot;201341983&quot;:0,&quot;335557856&quot;:16777215,&quot;335559739&quot;:330,&quot;335559740&quot;:240}\">\u00a0<\/span><\/p>\n<p>&nbsp;<\/p>\n<p><span data-contrast=\"none\">-Incorporem la igualtat en totes les nostres politiques, formant part del nostre segell d\u2019identitat.<\/span><span data-ccp-props=\"{&quot;201341983&quot;:0,&quot;335557856&quot;:16777215,&quot;335559739&quot;:330,&quot;335559740&quot;:240}\">\u00a0<\/span>[\/vc_column_text][vc_empty_space height=&#8221;50px&#8221;][\/vc_column][\/vc_row][vc_row css_animation=&#8221;&#8221; row_type=&#8221;row&#8221; use_row_as_full_screen_section=&#8221;no&#8221; type=&#8221;full_width&#8221; angled_section=&#8221;no&#8221; text_align=&#8221;left&#8221; background_image_as_pattern=&#8221;without_pattern&#8221;][vc_column]<div class=\"qode-blog-carousel-titled\" data-posts-shown=\"3\">\n\t<div class=\"qode-bct-title-holder\" style=\"background-color:#006799;color:#ffffff\">\n\t\t<a class=\"qode-bct-caroufredsel-prev\" href=\"#\">\n\t\t\t<span class=\"qode-bct-caroufredsel-nav-inner\">\n\t\t\t\t<span class=\"qode-bct-caroufredsel-nav-icon-holder\">\n\t\t\t\t\t<span class=\"arrow_carrot-left\"><\/span>\n\t\t\t\t<\/span>\n\t\t\t<\/span>\n\t\t<\/a>\n\t\t\t\t\t\t\t\t<h3>\n\t\t\t\t\t\tNOT\u00cdCIES\t\t\t\t\t<\/h3>\n\t\t\t\t<a class=\"qode-bct-caroufredsel-next\" href=\"#\">\n\t\t<span class=\"qode-bct-caroufredsel-nav-inner\">\n\t\t\t<span class=\"qode-bct-caroufredsel-nav-icon-holder\">\n\t\t\t\t<span class=\"arrow_carrot-right\"><\/span>\n\t\t\t<\/span>\n\t\t<\/span>\n\t<\/a>\n\t<\/div>\n\t\t\t<div class=\"qode-bct-posts-holder\">\n\t\t<div class=\"qode-bct-posts\">\n\t\t\t\t\t\t\t\t\t\t\t\t<div class=\"qode-bct-post\">\n\t\t\t\t\t\t\t\t\t\t\t\t\t<div class=\"qode-bct-post-image\">\n\t\t\t\t\t\t\t\t<a href=\"https:\/\/eixample-elprat.residenciaslatorreta.com\/ca\/agraiment-jornada-empreses-per-locupacio-2024\/\" itemprop=\"url\">\n\t\t\t\t\t\t\t\t\t<img loading=\"lazy\" decoding=\"async\" width=\"1571\" height=\"1047\" src=\"https:\/\/eixample-elprat.residenciaslatorreta.com\/wp-content\/uploads\/2024\/11\/iAGRAIMENT-JORNADA-EMPRESES-PER-L\u00b4OCUPACIO-jpg.jpg\" class=\"attachment-full size-full wp-post-image\" alt=\"Pla d&#039;igualtat\" srcset=\"https:\/\/eixample-elprat.residenciaslatorreta.com\/wp-content\/uploads\/2024\/11\/iAGRAIMENT-JORNADA-EMPRESES-PER-L\u00b4OCUPACIO-jpg.jpg 1571w, https:\/\/eixample-elprat.residenciaslatorreta.com\/wp-content\/uploads\/2024\/11\/iAGRAIMENT-JORNADA-EMPRESES-PER-L\u00b4OCUPACIO-jpg-300x200.jpg 300w, https:\/\/eixample-elprat.residenciaslatorreta.com\/wp-content\/uploads\/2024\/11\/iAGRAIMENT-JORNADA-EMPRESES-PER-L\u00b4OCUPACIO-jpg-1024x682.jpg 1024w, https:\/\/eixample-elprat.residenciaslatorreta.com\/wp-content\/uploads\/2024\/11\/iAGRAIMENT-JORNADA-EMPRESES-PER-L\u00b4OCUPACIO-jpg-768x512.jpg 768w, https:\/\/eixample-elprat.residenciaslatorreta.com\/wp-content\/uploads\/2024\/11\/iAGRAIMENT-JORNADA-EMPRESES-PER-L\u00b4OCUPACIO-jpg-1536x1024.jpg 1536w, https:\/\/eixample-elprat.residenciaslatorreta.com\/wp-content\/uploads\/2024\/11\/iAGRAIMENT-JORNADA-EMPRESES-PER-L\u00b4OCUPACIO-jpg-700x467.jpg 700w\" sizes=\"auto, (max-width: 1571px) 100vw, 1571px\" \/>\t\t\t\t\t\t\t\t<\/a>\n\t\t\t\t\t\t\t<\/div>\n\t\t\t\t\t\t\t\t\t\t\t\t<div class=\"qode-bct-post-text\">\n\t\t\t\t\t\t\t<h3 class=\"qode-bct-post-title entry_title\" itemprop=\"name\">\n\t\t\t\t\t\t\t\t<a href=\"https:\/\/eixample-elprat.residenciaslatorreta.com\/ca\/agraiment-jornada-empreses-per-locupacio-2024\/\" itemprop=\"url\">AGRA\u00cfMENT JORNADA EMPRESES PER L\u00b4OCUPACI\u00d3 2024<\/a>\n\t\t\t\t\t\t\t<\/h3>\n\t\t\t\t\t\t\t\t\t\t\t\t\t\t<p itemprop=\"description\" class = \"qode-bct-post-excerpt\"> El passat 13 de novembre va tenir lloc al C\u00e8ntric Espai Cultural la 6a jornada Empreses per l\u2019Ocupaci\u00f3 per posar en valor la col\u00b7laboraci\u00f3 entre d\u00b4altres de La Torreta Eixample El Prat com a empresa que participa en les pol\u00edtiques d\u2019ocupaci\u00f3 municipals del Prat de...<\/p>\n\t\t\t\t\t\t\t<div class=\"qode-bct-post-date entry_date updated\" itemprop=\"dateCreated\">\n\t\t\t\t\t\t\t\t22 de novembre de 2024\t\t\t\t\t\t\t\t<meta itemprop=\"interactionCount\" content=\"UserComments: 0\"\/>\n\t\t\t\t\t\t\t<\/div>\n\t\t\t\t\t\t<\/div>\n\t\t\t\t\t<\/div>\n\t\t\t\t\t\t\t\t\t\t\t\t<div class=\"qode-bct-post\">\n\t\t\t\t\t\t\t\t\t\t\t\t\t<div class=\"qode-bct-post-image\">\n\t\t\t\t\t\t\t\t<a href=\"https:\/\/eixample-elprat.residenciaslatorreta.com\/ca\/reconeixement-residencia-hospitalaria-la-torreta\/\" itemprop=\"url\">\n\t\t\t\t\t\t\t\t\t<img loading=\"lazy\" decoding=\"async\" width=\"912\" height=\"697\" src=\"https:\/\/eixample-elprat.residenciaslatorreta.com\/wp-content\/uploads\/2024\/11\/RECONEIXEMENT-RESIDENCIA-HOSPITALARIA-LA-TORRETA-2.png\" class=\"attachment-full size-full wp-post-image\" alt=\"Pla d&#039;igualtat\" srcset=\"https:\/\/eixample-elprat.residenciaslatorreta.com\/wp-content\/uploads\/2024\/11\/RECONEIXEMENT-RESIDENCIA-HOSPITALARIA-LA-TORRETA-2.png 912w, https:\/\/eixample-elprat.residenciaslatorreta.com\/wp-content\/uploads\/2024\/11\/RECONEIXEMENT-RESIDENCIA-HOSPITALARIA-LA-TORRETA-2-300x229.png 300w, https:\/\/eixample-elprat.residenciaslatorreta.com\/wp-content\/uploads\/2024\/11\/RECONEIXEMENT-RESIDENCIA-HOSPITALARIA-LA-TORRETA-2-768x587.png 768w, https:\/\/eixample-elprat.residenciaslatorreta.com\/wp-content\/uploads\/2024\/11\/RECONEIXEMENT-RESIDENCIA-HOSPITALARIA-LA-TORRETA-2-700x535.png 700w\" sizes=\"auto, (max-width: 912px) 100vw, 912px\" \/>\t\t\t\t\t\t\t\t<\/a>\n\t\t\t\t\t\t\t<\/div>\n\t\t\t\t\t\t\t\t\t\t\t\t<div class=\"qode-bct-post-text\">\n\t\t\t\t\t\t\t<h3 class=\"qode-bct-post-title entry_title\" itemprop=\"name\">\n\t\t\t\t\t\t\t\t<a href=\"https:\/\/eixample-elprat.residenciaslatorreta.com\/ca\/reconeixement-residencia-hospitalaria-la-torreta\/\" itemprop=\"url\">RECONEIXEMENT RESID\u00c8NCIA HOSPITAL\u00c0RIA LA TORRETA<\/a>\n\t\t\t\t\t\t\t<\/h3>\n\t\t\t\t\t\t\t\t\t\t\t\t\t\t<p itemprop=\"description\" class = \"qode-bct-post-excerpt\"> El passat 18 de Novembre se\u00b4ns va fer entrega del reconeixement de Resid\u00e8ncia Hospital\u00e0ria per part del CRI Creu dels Molers Serveis Socials de l \u00b4Hospital de Sant Joan de D\u00e9u pel seu suport en la inserci\u00f3 laboral de persones en situaci\u00f3 de sense llar...<\/p>\n\t\t\t\t\t\t\t<div class=\"qode-bct-post-date entry_date updated\" itemprop=\"dateCreated\">\n\t\t\t\t\t\t\t\t22 de novembre de 2024\t\t\t\t\t\t\t\t<meta itemprop=\"interactionCount\" content=\"UserComments: 0\"\/>\n\t\t\t\t\t\t\t<\/div>\n\t\t\t\t\t\t<\/div>\n\t\t\t\t\t<\/div>\n\t\t\t\t\t\t\t\t\t\t\t\t<div class=\"qode-bct-post\">\n\t\t\t\t\t\t\t\t\t\t\t\t\t<div class=\"qode-bct-post-image\">\n\t\t\t\t\t\t\t\t<a href=\"https:\/\/eixample-elprat.residenciaslatorreta.com\/ca\/comision-seguimiento-plan-igualdad\/\" itemprop=\"url\">\n\t\t\t\t\t\t\t\t\t<img loading=\"lazy\" decoding=\"async\" width=\"932\" height=\"620\" src=\"https:\/\/eixample-elprat.residenciaslatorreta.com\/wp-content\/uploads\/2024\/05\/Comissio-seguiment-pla-igualtat-La-Torreta.png\" class=\"attachment-full size-full wp-post-image\" alt=\"Comissio\u0301 seguiment pla igualtat La Torreta\" srcset=\"https:\/\/eixample-elprat.residenciaslatorreta.com\/wp-content\/uploads\/2024\/05\/Comissio-seguiment-pla-igualtat-La-Torreta.png 932w, https:\/\/eixample-elprat.residenciaslatorreta.com\/wp-content\/uploads\/2024\/05\/Comissio-seguiment-pla-igualtat-La-Torreta-300x200.png 300w, https:\/\/eixample-elprat.residenciaslatorreta.com\/wp-content\/uploads\/2024\/05\/Comissio-seguiment-pla-igualtat-La-Torreta-768x511.png 768w, https:\/\/eixample-elprat.residenciaslatorreta.com\/wp-content\/uploads\/2024\/05\/Comissio-seguiment-pla-igualtat-La-Torreta-700x466.png 700w\" sizes=\"auto, (max-width: 932px) 100vw, 932px\" \/>\t\t\t\t\t\t\t\t<\/a>\n\t\t\t\t\t\t\t<\/div>\n\t\t\t\t\t\t\t\t\t\t\t\t<div class=\"qode-bct-post-text\">\n\t\t\t\t\t\t\t<h3 class=\"qode-bct-post-title entry_title\" itemprop=\"name\">\n\t\t\t\t\t\t\t\t<a href=\"https:\/\/eixample-elprat.residenciaslatorreta.com\/ca\/comision-seguimiento-plan-igualdad\/\" itemprop=\"url\">COMISSI\u00d3 SEGUIMENT PLA D\u00b4IGUALTAT<\/a>\n\t\t\t\t\t\t\t<\/h3>\n\t\t\t\t\t\t\t\t\t\t\t\t\t\t<p itemprop=\"description\" class = \"qode-bct-post-excerpt\"> &nbsp; Fa uns dies vam celebrar a Residencia Eixample El Prat la comissi\u00f3 del seguiment del pla d\u00b4igualtat. Es va revisar\u00a0 el grau d\u2019assoliment dels objectius\u00a0marcats en el pla i es va valorar molt\u00a0 be el seu grau d\u2019implantaci\u00f3 Es van presentar tamb\u00e9 les accions...<\/p>\n\t\t\t\t\t\t\t<div class=\"qode-bct-post-date entry_date updated\" itemprop=\"dateCreated\">\n\t\t\t\t\t\t\t\t2 de maig de 2024\t\t\t\t\t\t\t\t<meta itemprop=\"interactionCount\" content=\"UserComments: 0\"\/>\n\t\t\t\t\t\t\t<\/div>\n\t\t\t\t\t\t<\/div>\n\t\t\t\t\t<\/div>\n\t\t\t\t\t\t\t\t\t\t\t\t<div class=\"qode-bct-post\">\n\t\t\t\t\t\t\t\t\t\t\t\t\t<div class=\"qode-bct-post-image\">\n\t\t\t\t\t\t\t\t<a href=\"https:\/\/eixample-elprat.residenciaslatorreta.com\/ca\/8-marc-dia-internacional-les-dones\/\" itemprop=\"url\">\n\t\t\t\t\t\t\t\t\t<img loading=\"lazy\" decoding=\"async\" width=\"743\" height=\"729\" src=\"https:\/\/eixample-elprat.residenciaslatorreta.com\/wp-content\/uploads\/2024\/03\/Dia-de-la-dona-residencia-Eixample-el-Prat.png\" class=\"attachment-full size-full wp-post-image\" alt=\"Dia de la dona residencia Eixample el Prat\" srcset=\"https:\/\/eixample-elprat.residenciaslatorreta.com\/wp-content\/uploads\/2024\/03\/Dia-de-la-dona-residencia-Eixample-el-Prat.png 743w, https:\/\/eixample-elprat.residenciaslatorreta.com\/wp-content\/uploads\/2024\/03\/Dia-de-la-dona-residencia-Eixample-el-Prat-300x294.png 300w, https:\/\/eixample-elprat.residenciaslatorreta.com\/wp-content\/uploads\/2024\/03\/Dia-de-la-dona-residencia-Eixample-el-Prat-700x687.png 700w\" sizes=\"auto, (max-width: 743px) 100vw, 743px\" \/>\t\t\t\t\t\t\t\t<\/a>\n\t\t\t\t\t\t\t<\/div>\n\t\t\t\t\t\t\t\t\t\t\t\t<div class=\"qode-bct-post-text\">\n\t\t\t\t\t\t\t<h3 class=\"qode-bct-post-title entry_title\" itemprop=\"name\">\n\t\t\t\t\t\t\t\t<a href=\"https:\/\/eixample-elprat.residenciaslatorreta.com\/ca\/8-marc-dia-internacional-les-dones\/\" itemprop=\"url\">8 DE MAR\u00c7 DIA INTERNACIONAL DE LES DONES<\/a>\n\t\t\t\t\t\t\t<\/h3>\n\t\t\t\t\t\t\t\t\t\t\t\t\t\t<p itemprop=\"description\" class = \"qode-bct-post-excerpt\"> Per un futur cada dia m\u00e9s proper a la igualtat L \u00b4origen del dia internacional de la dona, (anteriorment conegut com dia de la dona treballadora) commemora cada 8 de mar\u00e7 la lluita de les dones per la igualtat en els seus drets . Serveix...<\/p>\n\t\t\t\t\t\t\t<div class=\"qode-bct-post-date entry_date updated\" itemprop=\"dateCreated\">\n\t\t\t\t\t\t\t\t11 de mar\u00e7 de 2024\t\t\t\t\t\t\t\t<meta itemprop=\"interactionCount\" content=\"UserComments: 0\"\/>\n\t\t\t\t\t\t\t<\/div>\n\t\t\t\t\t\t<\/div>\n\t\t\t\t\t<\/div>\n\t\t\t\t\t\t\t\t\t\t\t\t<div class=\"qode-bct-post\">\n\t\t\t\t\t\t\t\t\t\t\t\t\t<div class=\"qode-bct-post-image\">\n\t\t\t\t\t\t\t\t<a href=\"https:\/\/eixample-elprat.residenciaslatorreta.com\/ca\/formacion-trabajadores-la-torreta-eixample-prat-trabajamos-la-igualdad\/\" itemprop=\"url\">\n\t\t\t\t\t\t\t\t\t<img loading=\"lazy\" decoding=\"async\" width=\"914\" height=\"626\" src=\"https:\/\/eixample-elprat.residenciaslatorreta.com\/wp-content\/uploads\/2024\/02\/FORMACION-PLAN-DE-IGUALDAD.png\" class=\"attachment-full size-full wp-post-image\" alt=\"Formaci\u00f3n plan de igualdad\" srcset=\"https:\/\/eixample-elprat.residenciaslatorreta.com\/wp-content\/uploads\/2024\/02\/FORMACION-PLAN-DE-IGUALDAD.png 914w, https:\/\/eixample-elprat.residenciaslatorreta.com\/wp-content\/uploads\/2024\/02\/FORMACION-PLAN-DE-IGUALDAD-300x205.png 300w, https:\/\/eixample-elprat.residenciaslatorreta.com\/wp-content\/uploads\/2024\/02\/FORMACION-PLAN-DE-IGUALDAD-768x526.png 768w, https:\/\/eixample-elprat.residenciaslatorreta.com\/wp-content\/uploads\/2024\/02\/FORMACION-PLAN-DE-IGUALDAD-700x479.png 700w\" sizes=\"auto, (max-width: 914px) 100vw, 914px\" \/>\t\t\t\t\t\t\t\t<\/a>\n\t\t\t\t\t\t\t<\/div>\n\t\t\t\t\t\t\t\t\t\t\t\t<div class=\"qode-bct-post-text\">\n\t\t\t\t\t\t\t<h3 class=\"qode-bct-post-title entry_title\" itemprop=\"name\">\n\t\t\t\t\t\t\t\t<a href=\"https:\/\/eixample-elprat.residenciaslatorreta.com\/ca\/formacion-trabajadores-la-torreta-eixample-prat-trabajamos-la-igualdad\/\" itemprop=\"url\">FORMACI\u00d3 TREBALLADORS LA TORRETA EIXAMPLE EL PRAT. TREBALLEM PER LA IGUALTAT<\/a>\n\t\t\t\t\t\t\t<\/h3>\n\t\t\t\t\t\t\t\t\t\t\t\t\t\t<p itemprop=\"description\" class = \"qode-bct-post-excerpt\"> Presentem a la plantilla el comprom\u00eds real i efectiu de l&#8217;empresa en la implantaci\u00f3 del pla d&#8217;igualtat amb la implantaci\u00f3 progressiva de pol\u00edtiques de gesti\u00f3: -m\u00e9s participatives -integradores -respectuoses amb la diversitat -compromeses amb\u00a0l&#8217;eradicaci\u00f3\u00a0de situacions de discriminaci\u00f3 i viol\u00e8ncia -promotors de la igualtat entre homes...<\/p>\n\t\t\t\t\t\t\t<div class=\"qode-bct-post-date entry_date updated\" itemprop=\"dateCreated\">\n\t\t\t\t\t\t\t\t1 de febrer de 2024\t\t\t\t\t\t\t\t<meta itemprop=\"interactionCount\" content=\"UserComments: 0\"\/>\n\t\t\t\t\t\t\t<\/div>\n\t\t\t\t\t\t<\/div>\n\t\t\t\t\t<\/div>\n\t\t\t\t\t<\/div>\n\t\t<\/div>\n\t<\/div>[\/vc_column][\/vc_row]<\/p>\n<\/div>","protected":false},"excerpt":{"rendered":"<p>[vc_row css_animation=&#8221;&#8221; row_type=&#8221;row&#8221; use_row_as_full_screen_section=&#8221;no&#8221; type=&#8221;grid&#8221; angled_section=&#8221;no&#8221; text_align=&#8221;center&#8221; background_image_as_pattern=&#8221;without_pattern&#8221; z_index=&#8221;&#8221;][vc_column][vc_empty_space height=&#8221;50px&#8221;][vc_column_text] Compromesos amb la igualtat [\/vc_column_text][vc_empty_space height=&#8221;50px&#8221;][vc_single_image image=&#8221;2207&#8243; img_size=&#8221;full&#8221; alignment=&#8221;center&#8221; qode_css_animation=&#8221;&#8221;][\/vc_column][\/vc_row][vc_row css_animation=&#8221;&#8221; row_type=&#8221;row&#8221; use_row_as_full_screen_section=&#8221;no&#8221; type=&#8221;grid&#8221; angled_section=&#8221;no&#8221; text_align=&#8221;left&#8221; background_image_as_pattern=&#8221;without_pattern&#8221; z_index=&#8221;&#8221;][vc_column][vc_empty_space height=&#8221;50px&#8221;][vc_column_text] Per la diversitat i la igualtat d\u00b4oportunitats\u00a0 &nbsp; El Pla d\u00b4Igualtat \u00e9s un\u202fdocument\u202fque\u202frecull l&#8217;estat\u00a0 efectiu d\u00b4igualtat\u202fa&#8230;<\/p>\n","protected":false},"author":2,"featured_media":0,"parent":0,"menu_order":0,"comment_status":"closed","ping_status":"closed","template":"","meta":{"footnotes":""},"yst_prominent_words":[],"class_list":["post-2202","page","type-page","status-publish","hentry"],"_links":{"self":[{"href":"https:\/\/eixample-elprat.residenciaslatorreta.com\/ca\/wp-json\/wp\/v2\/pages\/2202","targetHints":{"allow":["GET"]}}],"collection":[{"href":"https:\/\/eixample-elprat.residenciaslatorreta.com\/ca\/wp-json\/wp\/v2\/pages"}],"about":[{"href":"https:\/\/eixample-elprat.residenciaslatorreta.com\/ca\/wp-json\/wp\/v2\/types\/page"}],"author":[{"embeddable":true,"href":"https:\/\/eixample-elprat.residenciaslatorreta.com\/ca\/wp-json\/wp\/v2\/users\/2"}],"replies":[{"embeddable":true,"href":"https:\/\/eixample-elprat.residenciaslatorreta.com\/ca\/wp-json\/wp\/v2\/comments?post=2202"}],"version-history":[{"count":7,"href":"https:\/\/eixample-elprat.residenciaslatorreta.com\/ca\/wp-json\/wp\/v2\/pages\/2202\/revisions"}],"predecessor-version":[{"id":2231,"href":"https:\/\/eixample-elprat.residenciaslatorreta.com\/ca\/wp-json\/wp\/v2\/pages\/2202\/revisions\/2231"}],"wp:attachment":[{"href":"https:\/\/eixample-elprat.residenciaslatorreta.com\/ca\/wp-json\/wp\/v2\/media?parent=2202"}],"wp:term":[{"taxonomy":"yst_prominent_words","embeddable":true,"href":"https:\/\/eixample-elprat.residenciaslatorreta.com\/ca\/wp-json\/wp\/v2\/yst_prominent_words?post=2202"}],"curies":[{"name":"wp","href":"https:\/\/api.w.org\/{rel}","templated":true}]}}